{"id":3,"date":"2023-01-25T12:32:10","date_gmt":"2023-01-25T12:32:10","guid":{"rendered":"http:\/\/pediatra365.com\/?page_id=3"},"modified":"2025-01-31T12:48:38","modified_gmt":"2025-01-31T12:48:38","slug":"politica-de-privacidad","status":"publish","type":"page","link":"https:\/\/pediatra365.com\/en\/politica-de-privacidad\/","title":{"rendered":"Privacy Policy"},"content":{"rendered":"\n<p><strong>Pediatra365 <\/strong>se encuentra profundamente comprometida con el cumplimiento de la normativa espa\u00f1ola y europea de protecci\u00f3n de datos de car\u00e1cter personal, y garantiza el cumplimiento \u00edntegro de las obligaciones dispuestas, as\u00ed como la implementaci\u00f3n de las medidas de seguridad dispuestas en el Reglamento General de Protecci\u00f3n de Datos (RGPD) (UE) 2016\/679, de 27 de abril, y en la Ley Org\u00e1nica 3\/2018, de 5 de diciembre, de <a>Protecci\u00f3n de Datos Personales y garant\u00eda de los derechos digitales (LOPD y GDD, en adelante LOPD).<\/a><\/p>\n\n\n\n<p>De conformidad con estas normativas, informamos que la utilizaci\u00f3n de nuestra web <strong>https:\/\/pediatra365.com\/<\/strong> puede requerir que se faciliten ciertos datos personales a trav\u00e9s de formularios de contacto, o mediante el env\u00edo de emails, y que \u00e9stos ser\u00e1n objeto de tratamiento por <strong>\u201cPediatra365\u201d,<\/strong> Responsable del tratamiento, cuyos datos son:<\/p>\n\n\n\n<p><\/p>\n\n\n\n<p><strong>Denominaci\u00f3n Social: <\/strong>ANJANA SC<\/p>\n\n\n\n<p><strong>Nombre Comercial: <\/strong>Pediatra365<\/p>\n\n\n\n<p><strong>CIF \/ NIF: <\/strong>&nbsp;J83373670<\/p>\n\n\n\n<p><strong>Domicilio Social:<\/strong> C\/ DOS, N-1. (28022-Madrid)<\/p>\n\n\n\n<p><strong>Actividad Principal:<\/strong> \u00abOTRAS ACTIVIDADES SANITARIAS\u00bb(CNAE: 8690). \u2013 \u00abLA GESTI\u00d3N INTEGRAL DE CENTRO CL\u00cdNICO MULTIDISCIPLINAR PARA LA PRESTACI\u00d3N DE [-] SERVICIOS DE MEDICINA GENERAL, TODA CLASE DE ESPECIALIDADES M\u00c9DICAS, DENTISTA, MEDICINA LABORAL Y EMISI\u00d3N DE INFORMES PSICOT\u00c9CNICOS, CONSULTOR\u00cdA M\u00c9DICA Y DESARROLLO y recomendaci\u00f3n de productos de afiliado.<\/p>\n\n\n\n<p><strong>Tel\u00e9fono: <\/strong>&nbsp;+34 616 89 59 99<\/p>\n\n\n\n<p><strong>E-Mail: <\/strong>&nbsp;canete@pediatra365.com<\/p>\n\n\n\n<p><strong>Nombre de Dominio: <\/strong>www.pediatra365.com<\/p>\n\n\n\n<p><strong>Registro de Tratamientos conforme al RGPD: <\/strong>Clientes\/Proveedores, Listas de Correo, Empleados, Selecci\u00f3n de Personal, Historias Cl\u00ednicas y Usuarios Web.<\/p>\n\n\n\n<p><\/p>\n\n\n\n<p><\/p>\n\n\n\n<p class=\"has-medium-font-size\"><strong>Obtenci\u00f3n y Tratamiento de Datos Personales<\/strong><\/p>\n\n\n\n<p>Un dato personal es cualquier informaci\u00f3n relativa a una persona: nombre, email, domicilio, tel\u00e9fono, NIF\/NIE. Adicionalmente, cuando un Usuario visita nuestro sitio web, determinada informaci\u00f3n se almacena autom\u00e1ticamente por motivos t\u00e9cnicos, como la direcci\u00f3n IP asignada por su proveedor de acceso a Internet.<\/p>\n\n\n\n<p><strong>\u201c<\/strong><strong>Pediatra365<\/strong><strong>\u201d<\/strong>, como Responsable del Tratamiento, tiene el deber de informar a los Usuarios de su sitio web acerca de la recogida de datos de car\u00e1cter personal que pueden llevarse a cabo, bien sea mediante el env\u00edo de correo electr\u00f3nico o al cumplimentar los formularios incluidos en el sitio web.<\/p>\n\n\n\n<p>Se obtendr\u00e1n \u00fanicamente los datos precisos para poder realizar el servicio contratado, o para poder responder adecuadamente a la petici\u00f3n de informaci\u00f3n realizada por el Usuario. Los datos recabados son identificativos y corresponden a un m\u00ednimo razonable para poder llevar a t\u00e9rmino la actividad realizada. En particular, no se recogen datos especialmente protegidos en ning\u00fan momento.<strong> <\/strong>En ning\u00fan caso se realizar\u00e1 un uso diferente de los datos que la finalidad para los que han sido recabados.<\/p>\n\n\n\n<p><\/p>\n\n\n\n<p class=\"has-medium-font-size\"><strong>Formularios de contacto\/email<\/strong><\/p>\n\n\n\n<p><em>Finalidad<\/em>: Dar contestaci\u00f3n a su solicitud de informaci\u00f3n realizada a trav\u00e9s de nuestro\/s formulario\/s de contacto.<\/p>\n\n\n\n<p><em>Legitimaci\u00f3n<\/em>: La base jur\u00eddica que legitima este tratamiento es el consentimiento del Usuario, que podr\u00e1 revocar en cualquier momento.<\/p>\n\n\n\n<p><em>Cesi\u00f3n de datos<\/em>: Los datos personales ser\u00e1n tratados a trav\u00e9s de servidores gestionados por <a href=\"https:\/\/www.godaddy.com\/es\">Godaddy<\/a>, que tendr\u00e1 la consideraci\u00f3n de Encargado del Tratamiento.<\/p>\n\n\n\n<p>Formularios de alta en lista de correo (newsletter)<\/p>\n\n\n\n<p><em>Finalidad<\/em>: Env\u00edo de comunicaciones, algunas de ellas comerciales, de inter\u00e9s para el Usuarios seg\u00fan la tem\u00e1tica de la web. Tal y como establece la LSSICE, \u201cPediatra365\u201d se compromete a no remitir comunicaciones comerciales sin identificarlas como tales. A estos efectos, no ser\u00e1 considerada como comunicaci\u00f3n comercial la informaci\u00f3n enviada a los clientes para el mantenimiento de la relaci\u00f3n contractual existente, de haberla.<\/p>\n\n\n\n<p><em>Legitimaci\u00f3n<\/em>: La base jur\u00eddica que legitima este tratamiento es el consentimiento del Usuario, que podr\u00e1 revocar en cualquier momento.<\/p>\n\n\n\n<p><em>Cesi\u00f3n de datos<\/em>: Los datos personales ser\u00e1n tratados a trav\u00e9s de servidores gestionados por <a href=\"https:\/\/www.mailgun.com\/\">Mailgun<\/a>, que tendr\u00e1 la consideraci\u00f3n de Encargado del Tratamiento.<\/p>\n\n\n\n<p><\/p>\n\n\n\n<p class=\"has-medium-font-size\"><strong>Menores de edad<\/strong><\/p>\n\n\n\n<p>Solo podr\u00e1n aportar datos personales en este sitio web las personas mayores de 14 a\u00f1os. Seg\u00fan obliga la LOPD y GDD, en caso de menores de 14 a\u00f1os, ser\u00e1 condici\u00f3n obligatoria el consentimiento de sus padres o tutores para que podamos tratar sus datos personales.<\/p>\n\n\n\n<p>Por otra parte, solo podr\u00e1n contratar nuestros servicios las personas mayores de 18 a\u00f1os. En caso de menores de 18 a\u00f1os, ser\u00e1 condici\u00f3n obligatoria el consentimiento de sus padres o tutores legales para que podamos prestar los servicios ofertados, salvo que el menor est\u00e9 emancipado.<\/p>\n\n\n\n<p><\/p>\n\n\n\n<p class=\"has-medium-font-size\"><strong>Medidas de Seguridad<\/strong><\/p>\n\n\n\n<p>Se informa a los Usuarios de la web de \u201cPediatra365\u201d de que se&nbsp;han adoptado las medidas de seguridad, t\u00e9cnicas y organizativas a nuestro alcance para evitar la p\u00e9rdida, mal uso, alteraci\u00f3n, acceso no autorizado y robo de los datos, y que garantizan as\u00ed la confidencialidad, integridad y calidad de la informaci\u00f3n contenida en las mismas, de acuerdo con lo establecido en la normativa vigente en materia de protecci\u00f3n de datos. Los datos personales que se recogen en los formularios son objeto de tratamiento, \u00fanicamente,&nbsp;por parte del personal de \u201cPediatra365\u201d o de los Encargados del Tratamiento designados.<\/p>\n\n\n\n<p>El Sitio Web de <strong>\u201c<\/strong><strong>Pediatra365<\/strong><strong>\u201d<\/strong> cuenta adem\u00e1s con un cifrado SSL, que permite al Usuario el env\u00edo seguro de sus datos personales a trav\u00e9s de los formularios de contacto o registro del sitio web.<\/p>\n\n\n\n<p><\/p>\n\n\n\n<p class=\"has-medium-font-size\"><strong>Veracidad de los datos<\/strong><\/p>\n\n\n\n<p>El Usuario manifiesta que todos los datos facilitados por \u00e9l son ciertos y correctos y se compromete a mantenerlos actualizados. El Usuario responder\u00e1 de la veracidad de sus datos y ser\u00e1 el \u00fanico responsable de cuantos conflictos o litigios pudieran resultar por la falsedad de los mismos. Es importante que, para que podamos mantener los datos personales actualizados, el Usuario informe a <strong>\u201cPediatra365\u201d<\/strong> siempre que haya habido alguna modificaci\u00f3n en los mismos.<\/p>\n\n\n\n<p><\/p>\n\n\n\n<p class=\"has-medium-font-size\"><strong>Cesi\u00f3n de datos<\/strong><\/p>\n\n\n\n<p><strong>\u201c<\/strong><strong>Pediatra365<\/strong><strong>\u201d<\/strong> no ceder\u00e1 ni comunicar\u00e1 a ning\u00fan tercero tus datos, excepto en los casos legalmente previstos o cuando sea estrictamente necesario para la prestaci\u00f3n de un servicio. Concretamente, los datos podr\u00e1n ser cedidos a:<\/p>\n\n\n\n<p>Las cesiones de datos se producir\u00e1n respetando la m\u00e1s estricta confidencialidad, empleando las medidas necesarias, tales como la firma de contratos de confidencialidad, o la adhesi\u00f3n a sus pol\u00edticas de privacidad establecidas en sus respectivas p\u00e1ginas web. El Usuario podr\u00e1 negarse a la cesi\u00f3n de sus datos a los Encargados del Tratamiento, mediante petici\u00f3n escrita, por cualquiera de los medios anteriormente referenciados.<\/p>\n\n\n\n<p>Adem\u00e1s, en aquellos casos en que sea necesario, los datos de Clientes podr\u00e1n ser cedidos a determinados organismos, en cumplimiento de una obligaci\u00f3n legal: Agencia Tributaria Espa\u00f1ola, Inspecci\u00f3n de Trabajo, etc.<\/p>\n\n\n\n<p><\/p>\n\n\n\n<p class=\"has-medium-font-size\"><strong>Ejercicio de Derechos del Usuario<\/strong><\/p>\n\n\n\n<p>La LOPD y el RGPD conceden a los interesados la posibilidad de ejercer una serie de derechos relacionados con el tratamiento de sus datos personales. Para ello, el Usuario deber\u00e1 dirigirse, aportando documentaci\u00f3n que acredite su identidad (DNI o pasaporte), mediante correo electr\u00f3nico a canete@pediatra365.com, o bien mediante comunicaci\u00f3n escrita a la direcci\u00f3n que aparece en nuestro Aviso Legal.<\/p>\n\n\n\n<p>Dicha comunicaci\u00f3n deber\u00e1 reflejar la siguiente informaci\u00f3n: nombre y apellidos del Usuario, el objeto de la solicitud, el domicilio y los datos acreditativos.<\/p>\n\n\n\n<p>El ejercicio de derechos deber\u00e1 ser realizado por el propio Usuario. No obstante, podr\u00e1n ser ejecutados por una persona autorizada como representante legal del Usuario, aport\u00e1ndose la documentaci\u00f3n que acredite dicha representaci\u00f3n.<\/p>\n\n\n\n<p>El Usuario podr\u00e1 solicitar el ejercicio de los derechos siguientes:<\/p>\n\n\n\n<ul class=\"wp-block-list\">\n<li>Derecho a solicitar el <strong>acceso<\/strong> a los datos personales, que es el derecho a obtener informaci\u00f3n sobre si sus propios datos de car\u00e1cter personal est\u00e1n siendo objeto de tratamiento, la finalidad del tratamiento que, en su caso, se est\u00e9 realizando, as\u00ed como la informaci\u00f3n disponible sobre el origen de dichos datos y las comunicaciones realizadas o previstas de los mismos.<\/li>\n\n\n\n<li>Derecho a solicitar su <strong>rectificaci\u00f3n<\/strong>, en caso de que los datos personales sean incorrectos o inexactos, o <strong>supresi\u00f3n <\/strong>de los datos que resulten ser inadecuados o excesivos.<\/li>\n\n\n\n<li>Derecho a solicitar la <strong>limitaci\u00f3n<\/strong> de su tratamiento, en cuyo caso \u00fanicamente ser\u00e1n conservados por <strong>\u201cPediatra365\u201d<\/strong> los datos estrictamente necesarios para el ejercicio o la defensa de reclamaciones.<\/li>\n\n\n\n<li>Derecho a <strong>oponerse<\/strong> al tratamiento: se refiere al derecho del interesado a que no se lleve a cabo el tratamiento de sus datos personales o se cese en el mismo en los supuestos en que no sea necesario su consentimiento para el tratamiento, que se trate de ficheros de prospecci\u00f3n comerciales o que tengan la finalidad de adoptar decisiones referidas al interesado y basadas \u00fanicamente en el tratamiento automatizado de sus datos, salvo que por motivos leg\u00edtimos o el ejercicio o la defensa de posibles reclamaciones se tengan que seguir tratando.<\/li>\n\n\n\n<li>Derecho a la <strong>portabilidad<\/strong> de los datos: en caso de que quiera que sus datos sean tratados por otra empresa, <strong>\u201cPediatra365\u201d<\/strong> le facilitar\u00e1 la portabilidad de sus datos en formato exportable.<\/li>\n<\/ul>\n\n\n\n<p>En el caso de que se haya otorgado el consentimiento para alguna finalidad espec\u00edfica, <strong>el Usuario tiene derecho a retirar el consentimiento en cualquier momento<\/strong>, sin que ello afecte a la licitud del tratamiento basado en el consentimiento previo a su retirada.<\/p>\n\n\n\n<p>Nos comprometemos a ejecutar todos estos derechos dentro del plazo legal m\u00e1ximo (1 mes).<\/p>\n\n\n\n<p>Si un Usuario considera que hay un problema con la forma en que <strong>\u201cPediatra365\u201d<\/strong> est\u00e1 manejando sus datos, puede dirigir sus reclamaciones al Delegado de Protecci\u00f3n de Datos o a la autoridad de protecci\u00f3n de datos que corresponda, siendo la Agencia Espa\u00f1ola de Protecci\u00f3n de Datos la indicada en el caso de Espa\u00f1a.<\/p>\n\n\n\n<p><\/p>\n\n\n\n<p class=\"has-medium-font-size\"><strong>Conservaci\u00f3n de los datos<\/strong><\/p>\n\n\n\n<p>Los datos de car\u00e1cter personal de los Usuarios que usen el formulario de contacto o que nos env\u00eden un email solicitando informaci\u00f3n ser\u00e1n tratados durante el tiempo estrictamente necesario para atender a la solicitud de informaci\u00f3n, o hasta que se revoque el consentimiento otorgado.<\/p>\n\n\n\n<p>Los datos de car\u00e1cter personal de los Clientes ser\u00e1n tratados hasta que finalice la relaci\u00f3n contractual. El per\u00edodo de conservaci\u00f3n de los datos personales ser\u00e1 el m\u00ednimo necesario, pudiendo mantenerse hasta:<\/p>\n\n\n\n<ul class=\"wp-block-list\">\n<li>4 a\u00f1os: Ley sobre Infracciones y Sanciones en el Orden Social (obligaciones en materia de afiliaci\u00f3n, altas, bajas, cotizaci\u00f3n, pago de salarios\u2026); Arts. 66 y sig. Ley General Tributaria (libros de contabilidad\u2026)<\/li>\n\n\n\n<li>5 a\u00f1os: Art. 1964 C\u00f3digo Civil (acciones personales sin plazo especial)<\/li>\n\n\n\n<li>6 a\u00f1os: Art. 30 C\u00f3digo de Comercio (libros de contabilidad, facturas\u2026)<\/li>\n\n\n\n<li>10 a\u00f1os: Art. 25 Ley de Prevenci\u00f3n del Blanqueo de Capitales y Financiaci\u00f3n del Terrorismo.<\/li>\n\n\n\n<li>Sin plazo: datos desagregados y anonimizados.<\/li>\n<\/ul>\n\n\n\n<p>Por su parte, los datos de Usuarios que se den de alta en el bolet\u00edn o newsletter ser\u00e1n conservados indefinidamente, hasta que se revoque el consentimiento otorgado.<\/p>\n\n\n\n<p>En el caso de tratamiento de datos de candidatos (C.V.), <strong>\u201cPediatra365\u201d<\/strong> podr\u00e1 mantener almacenado su curr\u00edculo un m\u00e1ximo de dos a\u00f1os para incorporarlo a futuras convocatorias, a menos que el candidato se manifieste en contrario.<\/p>\n\n\n\n<p><\/p>\n\n\n\n<p class=\"has-medium-font-size\"><strong>Redes sociales<\/strong><\/p>\n\n\n\n<p><strong>\u201cPediatra365\u201d<\/strong> cuenta con perfil en algunas de<a> <\/a>las principales redes sociales de Internet (Facebook, Instagram, YouTube), reconoci\u00e9ndose en todos los casos Responsable del tratamiento de los datos de sus seguidores, fans, suscriptores, comentaristas y otros perfiles de Usuarios (en adelante, seguidores) publicados por <strong>\u201cPediatra365\u201d<\/strong>.<\/p>\n\n\n\n<p>La finalidad del tratamiento de datos por parte de <strong>\u201cPediatra365\u201d<\/strong>, cuando la ley no lo proh\u00edba, ser\u00e1 la de informar a sus seguidores sobre sus actividades y ofertas, por cualquier v\u00eda que la red social permita, as\u00ed como prestar servicio personalizado de atenci\u00f3n al cliente. La base jur\u00eddica que legitima este tratamiento ser\u00e1 el consentimiento del interesado, que podr\u00e1 revocar en cualquier momento.<\/p>\n\n\n\n<p>En ning\u00fan caso <strong>\u201cPediatra365\u201d<\/strong> extraer\u00e1 datos de las redes sociales, a menos que se obtuviera puntual y expresamente el consentimiento del Usuario para ello (por ejemplo, para la realizaci\u00f3n de un concurso).<\/p>\n\n\n\n<p><\/p>\n\n\n\n<p class=\"has-medium-font-size\"><strong>Transferencias Internacionales de Datos<\/strong><\/p>\n\n\n\n<p><strong>\u201cPediatra365\u201d<\/strong> busca poder prestar los servicios estrictamente necesarios para el funcionamiento y desarrollo\u00a0de las actividades de este sitio web, te informamos de que compartimos datos con los siguientes prestadores de servicio bajo sus correspondientes condiciones de privacidad.<\/p>\n\n\n\n<p>Puedes tener la total tranquilidad de que estos terceros no podr\u00e1n utilizar dicha informaci\u00f3n para ning\u00fan otro fin que no est\u00e9 regulado espec\u00edficamente en nuestras relaciones con ellos en virtud de la normativa aplicable en materia de protecci\u00f3n de datos de car\u00e1cter personal.<\/p>\n\n\n\n<p>Este sitio web est\u00e1 alojado en <strong>https:\/\/raiolanetworks.com\/<\/strong>, con marca comercial\u00a0<strong>RAIOLA NETWORKS, S.L.<\/strong>, que proporciona los servicios de hosting para que puedas acceder y navegar por nuestro sitio. Puedes consultar la pol\u00edtica de privacidad y dem\u00e1s aspectos legales de esta empresa en el siguiente enlace:\u00a0<strong>https:\/\/raiolanetworks.com\/politica-de-privacidad\/<\/strong>. <\/p>\n\n\n\n<p>Con la aceptaci\u00f3n de esta pol\u00edtica de privacidad, el Usuario otorga expresamente y de forma inequ\u00edvoca su consentimiento para la transferencia internacional de sus datos mismos a esta\/s empresa\/s prestadora\/s de servicios.<\/p>\n\n\n\n<p><\/p>\n\n\n\n<p class=\"has-medium-font-size\"><strong>Selecci\u00f3n de Personal<\/strong><\/p>\n\n\n\n<p>El aspirante que env\u00ede comunicaciones electr\u00f3nicas a <strong>\u201cPediatra365\u201d<\/strong>, con la finalidad de acceder a los procesos de selecci\u00f3n de personal del responsable, nos&nbsp;autoriza a analizar&nbsp;los documentos&nbsp;que remitidos (por ejemplo, el C.V.), todo&nbsp;el contenido que sea directamente accesible a trav\u00e9s de buscadores de Internet (por ejemplo, Google), los perfiles que mantenga en redes sociales profesionales (por ejemplo, LinkedIn),&nbsp;los datos obtenidos en&nbsp;las pruebas de acceso y la informaci\u00f3n que revele en la entrevista de trabajo, con el objetivo de&nbsp;valorar su candidatura y poder, en su caso, ofrecerle un puesto de trabajo.&nbsp;En caso de que el candidato no sea seleccionado, <strong>\u201cPediatra365\u201d<\/strong> podr\u00e1 mantener almacenado su C.V.&nbsp;durante un m\u00e1ximo de dos a\u00f1os, para incorporarlo a futuras convocatorias, a menos que el candidato manifieste lo contrario. La base jur\u00eddica que legitima este tratamiento ser\u00e1 el consentimiento del interesado, que podr\u00e1 revocar en cualquier momento.<\/p>\n\n\n\n<p><\/p>\n\n\n\n<p class=\"has-medium-font-size\"><strong>Confidencialidad<\/strong><\/p>\n\n\n\n<p>La informaci\u00f3n suministrada por el Usuario tendr\u00e1, en todo caso, la consideraci\u00f3n de confidencial, sin que pueda ser utilizada para otros fines distintos a los aqu\u00ed descritos. <strong>\u201cPediatra365\u201d<\/strong> se obliga a no divulgar ni revelar informaci\u00f3n sobre las pretensiones del Usuario, los motivos del asesoramiento solicitado o la duraci\u00f3n de su relaci\u00f3n con \u00e9ste.<\/p>\n\n\n\n<p><\/p>\n\n\n\n<p class=\"has-medium-font-size\"><strong>Validez<\/strong><strong><\/strong><\/p>\n\n\n\n<p>Esta pol\u00edtica de privacidad y de protecci\u00f3n de datos ha sido por <strong>Pediatra365<\/strong>, a d\u00eda 31 de enero de 2024, y podr\u00e1 variar en funci\u00f3n de los cambios de normativa y jurisprudencia que se vayan produciendo.<\/p>\n\n\n\n<p><\/p>\n","protected":false},"excerpt":{"rendered":"<p>Pediatra365 se encuentra profundamente comprometida con el cumplimiento de la normativa espa\u00f1ola y europea de protecci\u00f3n de datos de car\u00e1cter personal, y garantiza el cumplimiento \u00edntegro de las obligaciones dispuestas, as\u00ed como la implementaci\u00f3n de las medidas de seguridad dispuestas en el Reglamento General de Protecci\u00f3n de Datos (RGPD) (UE) 2016\/679, de 27 de abril, [&hellip;]<\/p>\n","protected":false},"author":1,"featured_media":0,"parent":0,"menu_order":0,"comment_status":"closed","ping_status":"closed","template":"","meta":{"footnotes":""},"class_list":["post-3","page","type-page","status-publish","hentry"],"yoast_head":"<!-- This site is optimized with the Yoast SEO plugin v27.5 - https:\/\/yoast.com\/product\/yoast-seo-wordpress\/ -->\n<title>Pol\u00edtica de Privacidad<\/title>\n<meta name=\"robots\" content=\"noindex, follow\" \/>\n<meta property=\"og:locale\" content=\"en_US\" \/>\n<meta property=\"og:type\" content=\"article\" \/>\n<meta property=\"og:title\" content=\"Pol\u00edtica de Privacidad\" \/>\n<meta property=\"og:description\" content=\"Pediatra365 se encuentra profundamente comprometida con el cumplimiento de la normativa espa\u00f1ola y europea de protecci\u00f3n de datos de car\u00e1cter personal, y garantiza el cumplimiento \u00edntegro de las obligaciones dispuestas, as\u00ed como la implementaci\u00f3n de las medidas de seguridad dispuestas en el Reglamento General de Protecci\u00f3n de Datos (RGPD) (UE) 2016\/679, de 27 de abril, [&hellip;]\" \/>\n<meta property=\"og:url\" content=\"https:\/\/pediatra365.com\/en\/politica-de-privacidad\/\" \/>\n<meta property=\"og:site_name\" content=\"Pediatra365\" \/>\n<meta property=\"article:modified_time\" content=\"2025-01-31T12:48:38+00:00\" \/>\n<meta property=\"og:image\" content=\"https:\/\/pediatra365.com\/wp-content\/uploads\/2023\/02\/WhatsApp-Image-2023-02-12-at-19.38.17.jpeg\" \/>\n\t<meta property=\"og:image:width\" content=\"1600\" \/>\n\t<meta property=\"og:image:height\" content=\"297\" \/>\n\t<meta property=\"og:image:type\" content=\"image\/jpeg\" \/>\n<meta name=\"twitter:card\" content=\"summary_large_image\" \/>\n<meta name=\"twitter:label1\" content=\"Est. reading time\" \/>\n\t<meta name=\"twitter:data1\" content=\"11 minutes\" \/>\n<script type=\"application\/ld+json\" class=\"yoast-schema-graph\">{\"@context\":\"https:\\\/\\\/schema.org\",\"@graph\":[{\"@type\":\"WebPage\",\"@id\":\"https:\\\/\\\/pediatra365.com\\\/politica-de-privacidad\\\/\",\"url\":\"https:\\\/\\\/pediatra365.com\\\/politica-de-privacidad\\\/\",\"name\":\"Pol\u00edtica de Privacidad\",\"isPartOf\":{\"@id\":\"https:\\\/\\\/pediatra365.com\\\/#website\"},\"datePublished\":\"2023-01-25T12:32:10+00:00\",\"dateModified\":\"2025-01-31T12:48:38+00:00\",\"breadcrumb\":{\"@id\":\"https:\\\/\\\/pediatra365.com\\\/politica-de-privacidad\\\/#breadcrumb\"},\"inLanguage\":\"en-US\",\"potentialAction\":[{\"@type\":\"ReadAction\",\"target\":[\"https:\\\/\\\/pediatra365.com\\\/politica-de-privacidad\\\/\"]}]},{\"@type\":\"BreadcrumbList\",\"@id\":\"https:\\\/\\\/pediatra365.com\\\/politica-de-privacidad\\\/#breadcrumb\",\"itemListElement\":[{\"@type\":\"ListItem\",\"position\":1,\"name\":\"Portada\",\"item\":\"https:\\\/\\\/pediatra365.com\\\/\"},{\"@type\":\"ListItem\",\"position\":2,\"name\":\"Pol\u00edtica de Privacidad\"}]},{\"@type\":\"WebSite\",\"@id\":\"https:\\\/\\\/pediatra365.com\\\/#website\",\"url\":\"https:\\\/\\\/pediatra365.com\\\/\",\"name\":\"Pediatra365\",\"description\":\"Servicio de pediatr\u00eda a domicilio en Madrid\",\"publisher\":{\"@id\":\"https:\\\/\\\/pediatra365.com\\\/#\\\/schema\\\/person\\\/95a0a44149e9026d0aa2d63c8179a94c\"},\"alternateName\":\"El mejor pediatra a domicilio en Madrid\",\"potentialAction\":[{\"@type\":\"SearchAction\",\"target\":{\"@type\":\"EntryPoint\",\"urlTemplate\":\"https:\\\/\\\/pediatra365.com\\\/?s={search_term_string}\"},\"query-input\":{\"@type\":\"PropertyValueSpecification\",\"valueRequired\":true,\"valueName\":\"search_term_string\"}}],\"inLanguage\":\"en-US\"},{\"@type\":[\"Person\",\"Organization\"],\"@id\":\"https:\\\/\\\/pediatra365.com\\\/#\\\/schema\\\/person\\\/95a0a44149e9026d0aa2d63c8179a94c\",\"name\":\"Alfonso Ca\u00f1ete\",\"image\":{\"@type\":\"ImageObject\",\"inLanguage\":\"en-US\",\"@id\":\"https:\\\/\\\/pediatra365.com\\\/wp-content\\\/uploads\\\/2023\\\/02\\\/WhatsApp-Image-2023-02-12-at-19.38.17.jpeg\",\"url\":\"https:\\\/\\\/pediatra365.com\\\/wp-content\\\/uploads\\\/2023\\\/02\\\/WhatsApp-Image-2023-02-12-at-19.38.17.jpeg\",\"contentUrl\":\"https:\\\/\\\/pediatra365.com\\\/wp-content\\\/uploads\\\/2023\\\/02\\\/WhatsApp-Image-2023-02-12-at-19.38.17.jpeg\",\"width\":1600,\"height\":297,\"caption\":\"Alfonso Ca\u00f1ete\"},\"logo\":{\"@id\":\"https:\\\/\\\/pediatra365.com\\\/wp-content\\\/uploads\\\/2023\\\/02\\\/WhatsApp-Image-2023-02-12-at-19.38.17.jpeg\"},\"sameAs\":[\"https:\\\/\\\/pediatra365.com\\\/\"]}]}<\/script>\n<!-- \/ Yoast SEO plugin. -->","yoast_head_json":{"title":"Privacy Policy","robots":{"index":"noindex","follow":"follow"},"og_locale":"en_US","og_type":"article","og_title":"Pol\u00edtica de Privacidad","og_description":"Pediatra365 se encuentra profundamente comprometida con el cumplimiento de la normativa espa\u00f1ola y europea de protecci\u00f3n de datos de car\u00e1cter personal, y garantiza el cumplimiento \u00edntegro de las obligaciones dispuestas, as\u00ed como la implementaci\u00f3n de las medidas de seguridad dispuestas en el Reglamento General de Protecci\u00f3n de Datos (RGPD) (UE) 2016\/679, de 27 de abril, [&hellip;]","og_url":"https:\/\/pediatra365.com\/en\/politica-de-privacidad\/","og_site_name":"Pediatra365","article_modified_time":"2025-01-31T12:48:38+00:00","og_image":[{"width":1600,"height":297,"url":"https:\/\/pediatra365.com\/wp-content\/uploads\/2023\/02\/WhatsApp-Image-2023-02-12-at-19.38.17.jpeg","type":"image\/jpeg"}],"twitter_card":"summary_large_image","twitter_misc":{"Est. reading time":"11 minutes"},"schema":{"@context":"https:\/\/schema.org","@graph":[{"@type":"WebPage","@id":"https:\/\/pediatra365.com\/politica-de-privacidad\/","url":"https:\/\/pediatra365.com\/politica-de-privacidad\/","name":"Privacy Policy","isPartOf":{"@id":"https:\/\/pediatra365.com\/#website"},"datePublished":"2023-01-25T12:32:10+00:00","dateModified":"2025-01-31T12:48:38+00:00","breadcrumb":{"@id":"https:\/\/pediatra365.com\/politica-de-privacidad\/#breadcrumb"},"inLanguage":"en-US","potentialAction":[{"@type":"ReadAction","target":["https:\/\/pediatra365.com\/politica-de-privacidad\/"]}]},{"@type":"BreadcrumbList","@id":"https:\/\/pediatra365.com\/politica-de-privacidad\/#breadcrumb","itemListElement":[{"@type":"ListItem","position":1,"name":"Portada","item":"https:\/\/pediatra365.com\/"},{"@type":"ListItem","position":2,"name":"Pol\u00edtica de Privacidad"}]},{"@type":"WebSite","@id":"https:\/\/pediatra365.com\/#website","url":"https:\/\/pediatra365.com\/","name":"Pediatra365","description":"Servicio de pediatr\u00eda a domicilio en Madrid","publisher":{"@id":"https:\/\/pediatra365.com\/#\/schema\/person\/95a0a44149e9026d0aa2d63c8179a94c"},"alternateName":"El mejor pediatra a domicilio en Madrid","potentialAction":[{"@type":"SearchAction","target":{"@type":"EntryPoint","urlTemplate":"https:\/\/pediatra365.com\/?s={search_term_string}"},"query-input":{"@type":"PropertyValueSpecification","valueRequired":true,"valueName":"search_term_string"}}],"inLanguage":"en-US"},{"@type":["Person","Organization"],"@id":"https:\/\/pediatra365.com\/#\/schema\/person\/95a0a44149e9026d0aa2d63c8179a94c","name":"Alfonso Ca\u00f1ete","image":{"@type":"ImageObject","inLanguage":"en-US","@id":"https:\/\/pediatra365.com\/wp-content\/uploads\/2023\/02\/WhatsApp-Image-2023-02-12-at-19.38.17.jpeg","url":"https:\/\/pediatra365.com\/wp-content\/uploads\/2023\/02\/WhatsApp-Image-2023-02-12-at-19.38.17.jpeg","contentUrl":"https:\/\/pediatra365.com\/wp-content\/uploads\/2023\/02\/WhatsApp-Image-2023-02-12-at-19.38.17.jpeg","width":1600,"height":297,"caption":"Alfonso Ca\u00f1ete"},"logo":{"@id":"https:\/\/pediatra365.com\/wp-content\/uploads\/2023\/02\/WhatsApp-Image-2023-02-12-at-19.38.17.jpeg"},"sameAs":["https:\/\/pediatra365.com\/"]}]}},"_links":{"self":[{"href":"https:\/\/pediatra365.com\/en\/wp-json\/wp\/v2\/pages\/3","targetHints":{"allow":["GET"]}}],"collection":[{"href":"https:\/\/pediatra365.com\/en\/wp-json\/wp\/v2\/pages"}],"about":[{"href":"https:\/\/pediatra365.com\/en\/wp-json\/wp\/v2\/types\/page"}],"author":[{"embeddable":true,"href":"https:\/\/pediatra365.com\/en\/wp-json\/wp\/v2\/users\/1"}],"replies":[{"embeddable":true,"href":"https:\/\/pediatra365.com\/en\/wp-json\/wp\/v2\/comments?post=3"}],"version-history":[{"count":5,"href":"https:\/\/pediatra365.com\/en\/wp-json\/wp\/v2\/pages\/3\/revisions"}],"predecessor-version":[{"id":728,"href":"https:\/\/pediatra365.com\/en\/wp-json\/wp\/v2\/pages\/3\/revisions\/728"}],"wp:attachment":[{"href":"https:\/\/pediatra365.com\/en\/wp-json\/wp\/v2\/media?parent=3"}],"curies":[{"name":"wp","href":"https:\/\/api.w.org\/{rel}","templated":true}]}}