{"id":365,"date":"2023-02-21T09:50:44","date_gmt":"2023-02-21T09:50:44","guid":{"rendered":"http:\/\/pediatra365.com\/?page_id=365"},"modified":"2025-02-08T12:41:19","modified_gmt":"2025-02-08T12:41:19","slug":"cv","status":"publish","type":"page","link":"https:\/\/pediatra365.com\/en\/cv\/","title":{"rendered":"Curriculum Vitae"},"content":{"rendered":"<div data-elementor-type=\"wp-page\" data-elementor-id=\"365\" class=\"elementor elementor-365\" data-elementor-post-type=\"page\">\n\t\t\t\t\t\t<section class=\"elementor-section elementor-inner-section elementor-element elementor-element-5f289279 elementor-section-boxed elementor-section-height-default elementor-section-height-default\" data-id=\"5f289279\" data-element_type=\"section\" data-e-type=\"section\">\n\t\t\t\t\t\t<div class=\"elementor-container elementor-column-gap-default\">\n\t\t\t\t\t<div class=\"elementor-column elementor-col-50 elementor-inner-column elementor-element elementor-element-1fd78696\" data-id=\"1fd78696\" data-element_type=\"column\" data-e-type=\"column\">\n\t\t\t<div class=\"elementor-widget-wrap elementor-element-populated\">\n\t\t\t\t\t\t<div class=\"elementor-element elementor-element-5907d3df elementor-hidden-tablet elementor-hidden-phone elementor-widget elementor-widget-heading\" data-id=\"5907d3df\" data-element_type=\"widget\" data-e-type=\"widget\" data-widget_type=\"heading.default\">\n\t\t\t\t<div class=\"elementor-widget-container\">\n\t\t\t\t\t<span class=\"elementor-heading-title elementor-size-default\"><b>Hello, I am Alfonso Ca\u00f1ete<\/b><\/span>\t\t\t\t<\/div>\n\t\t\t\t<\/div>\n\t\t\t\t<div class=\"elementor-element elementor-element-e5e4219 elementor-widget elementor-widget-text-editor\" data-id=\"e5e4219\" data-element_type=\"widget\" data-e-type=\"widget\" data-widget_type=\"text-editor.default\">\n\t\t\t\t<div class=\"elementor-widget-container\">\n\t\t\t\t\t\t\t\t\t<p><strong>Specialist in General Pediatrics and Specific Areas<\/strong><br \/><strong>Specialist in Gastroenterology and Child Nutrition.<\/strong><\/p>\t\t\t\t\t\t\t\t<\/div>\n\t\t\t\t<\/div>\n\t\t\t\t<div class=\"elementor-element elementor-element-181e7ed9 elementor-widget elementor-widget-text-editor\" data-id=\"181e7ed9\" data-element_type=\"widget\" data-e-type=\"widget\" data-widget_type=\"text-editor.default\">\n\t\t\t\t<div class=\"elementor-widget-container\">\n\t\t\t\t\t\t\t\t\t<p class=\"translation-block\">I have 31 years of experience in the area of <strong>Pediatrics<\/strong>, with a <strong>global vision of health<\/strong> in the childhood and youth stages.<\/p><p>Below, you can consult my career, through which I have been able to complement and expand my knowledge over the years.<\/p>\t\t\t\t\t\t\t\t<\/div>\n\t\t\t\t<\/div>\n\t\t\t\t\t<\/div>\n\t\t<\/div>\n\t\t\t\t<div class=\"elementor-column elementor-col-50 elementor-inner-column elementor-element elementor-element-19177f7c\" data-id=\"19177f7c\" data-element_type=\"column\" data-e-type=\"column\">\n\t\t\t<div class=\"elementor-widget-wrap elementor-element-populated\">\n\t\t\t\t\t\t<div class=\"elementor-element elementor-element-11768623 elementor-widget elementor-widget-image\" data-id=\"11768623\" data-element_type=\"widget\" data-e-type=\"widget\" data-widget_type=\"image.default\">\n\t\t\t\t<div class=\"elementor-widget-container\">\n\t\t\t\t\t\t\t\t\t\t\t\t\t\t\t<img fetchpriority=\"high\" decoding=\"async\" width=\"450\" height=\"360\" src=\"https:\/\/pediatra365.com\/wp-content\/uploads\/2023\/02\/prof_14889_20220707100958.png\" class=\"attachment-full size-full wp-image-55\" alt=\"\" srcset=\"https:\/\/pediatra365.com\/wp-content\/uploads\/2023\/02\/prof_14889_20220707100958.png 450w, https:\/\/pediatra365.com\/wp-content\/uploads\/2023\/02\/prof_14889_20220707100958-300x240.png 300w\" sizes=\"(max-width: 450px) 100vw, 450px\" \/>\t\t\t\t\t\t\t\t\t\t\t\t\t\t\t<\/div>\n\t\t\t\t<\/div>\n\t\t\t\t\t<\/div>\n\t\t<\/div>\n\t\t\t\t\t<\/div>\n\t\t<\/section>\n\t\t\t\t<section class=\"elementor-section elementor-top-section elementor-element elementor-element-f8018b0 elementor-section-boxed elementor-section-height-default elementor-section-height-default\" data-id=\"f8018b0\" data-element_type=\"section\" data-e-type=\"section\">\n\t\t\t\t\t\t<div class=\"elementor-container elementor-column-gap-default\">\n\t\t\t\t\t<div class=\"elementor-column elementor-col-16 elementor-top-column elementor-element elementor-element-0be6499\" data-id=\"0be6499\" data-element_type=\"column\" data-e-type=\"column\">\n\t\t\t<div class=\"elementor-widget-wrap\">\n\t\t\t\t\t\t\t<\/div>\n\t\t<\/div>\n\t\t\t\t<div class=\"elementor-column elementor-col-66 elementor-top-column elementor-element elementor-element-ab5f984\" data-id=\"ab5f984\" data-element_type=\"column\" data-e-type=\"column\">\n\t\t\t<div class=\"elementor-widget-wrap elementor-element-populated\">\n\t\t\t\t\t\t<div class=\"elementor-element elementor-element-913c210 elementor-widget elementor-widget-heading\" data-id=\"913c210\" data-element_type=\"widget\" data-e-type=\"widget\" data-widget_type=\"heading.default\">\n\t\t\t\t<div class=\"elementor-widget-container\">\n\t\t\t\t\t<h2 class=\"elementor-heading-title elementor-size-default\"><b>Career path<\/b><\/h2>\t\t\t\t<\/div>\n\t\t\t\t<\/div>\n\t\t\t\t<div class=\"elementor-element elementor-element-016b3e0 elementor-widget elementor-widget-text-editor\" data-id=\"016b3e0\" data-element_type=\"widget\" data-e-type=\"widget\" data-widget_type=\"text-editor.default\">\n\t\t\t\t<div class=\"elementor-widget-container\">\n\t\t\t\t\t\t\t\t\t<p class=\"p1 translation-block\"><strong>Doctor Alfonso Ca\u00f1ete<\/strong> is a specialist in general pediatrics, gastroenterology and child nutrition with more than 30 years of professional experience. <span class=\"Apple-converted-space\"> <\/span><\/p><p class=\"p1 translation-block\">He obtained his doctorate in Medicine from the <strong>Autonomous University of Madrid (Cum Laude)<\/strong>, specializing in pediatrics at the La Paz Hospital in Madrid, after passing the MIR exam with 133rd place.<\/p><p class=\"p1 translation-block\">Later, he moved with his family to the United States to work as a pediatrician and complete his training in <strong>Gastroenterology and Child Nutrition at the Children's Hospital of Boston, Harvard University<\/strong>. Upon her return to Spain, she joined as <strong> Head of the Pediatric Service at the San Rafael Hospital in Madrid <\/strong>, where she carried out her professional work for 5 years. Subsequently, he was appointed managing director in several positions in the public health sector of the Madrid Health Service, being consecutively appointed Managing Director of Area Six of Primary Care (responsible for 46 Health Centers, 850 Professionals, and <span class=\"s1\">p<\/span>annual budget of \u20ac93,000,000); Director-Manager of the Central Hospital of the Red Cross (251 beds, 820 Professionals in charge, <span class=\"s1\">p<\/span>annual budget of \u20ac40,000,000); and Managing Director of the Pr\u00edncipe de Asturias Hospital in Alcal\u00e1 de Henares (601 beds, 1891 professionals in charge, annual budget of \u20ac114,000,000). -converted-space\"&gt; <\/span><\/p><p class=\"p1 translation-block\">He continued his professional activity as a pediatrician, being for 15 years <strong>Head of the Pediatric Service at the Infanta Sof\u00eda University Hospital of San Sebasti\u00e1n de los Reyes<\/strong>, Community of Madrid. He has been <strong>Associate Professor of Pediatrics at the Rey Juan Carlos University, at the Complutense University and at the European University of Madrid,<\/strong> continuing at the latter university, with the appointment of <strong>Full Professor of Pediatrics. <\/strong><span class=\"Apple-converted-space\"> <\/span><\/p><p class=\"p1 translation-block\">Regarding his training, in addition to multiple professional development and specialization courses as a pediatrician and research, it is worth highlighting several master's degrees in <span class=\"s1\">high <\/span>direction and management of the health sector at the University of Navarra MBA (IESE), at the Pompeu Fabra University of Barcelona (MADS), at the National School of Health (Carlos III Health Institute. Ministry of Health) and at the University of Alcal\u00e1 de Henares.<\/p><p class=\"p1\">He is the author of various book chapters and several works published in national and foreign magazines and communications at national and international conferences. Member of several national and foreign scientific societies and committees, he has been invited to participate in various round tables and has organized and directed different national and international scientific courses and conferences.<\/p><p class=\"p1\">Dr. Ca\u00f1ete is the author of a patent for an invention related to medicine, and has been awarded several recognitions, among which are several awards from Scientific Societies, the Caja Madrid National Award and the National Special Award of the Royal Academy. National of Medicine.<span class=\"Apple-converted-space\">\u00a0<\/span><\/p><p class=\"p1\"><strong>Currently, Dr. Alfonso Ca\u00f1ete works as Head of the Pediatric Service at the Infanta Sof\u00eda University Hospital and as Full Professor of Pediatrics at the European University of Madrid.<\/strong><\/p>\t\t\t\t\t\t\t\t<\/div>\n\t\t\t\t<\/div>\n\t\t\t\t\t<\/div>\n\t\t<\/div>\n\t\t\t\t<div class=\"elementor-column elementor-col-16 elementor-top-column elementor-element elementor-element-2a555e6\" data-id=\"2a555e6\" data-element_type=\"column\" data-e-type=\"column\">\n\t\t\t<div class=\"elementor-widget-wrap\">\n\t\t\t\t\t\t\t<\/div>\n\t\t<\/div>\n\t\t\t\t\t<\/div>\n\t\t<\/section>\n\t\t\t\t<\/div>","protected":false},"excerpt":{"rendered":"<p>Hola, soy Alfonso Ca\u00f1ete Especialista en Pediatr\u00eda General y \u00c1reas Espec\u00edficasEspecialista en Gastroenterolog\u00eda y Nutrici\u00f3n Infantil. Cuento con 31 a\u00f1os de experiencia en el \u00e1rea de Pediatr\u00eda, con una visi\u00f3n global de la salud en las etapas infantil y juvenil. A continuaci\u00f3n, puedes consultar mi trayectoria, a trav\u00e9s de la cual he podido complementar y [&hellip;]<\/p>\n","protected":false},"author":1,"featured_media":0,"parent":0,"menu_order":0,"comment_status":"closed","ping_status":"closed","template":"elementor_header_footer","meta":{"footnotes":""},"class_list":["post-365","page","type-page","status-publish","hentry"],"yoast_head":"<!-- This site is optimized with the Yoast SEO plugin v27.5 - https:\/\/yoast.com\/product\/yoast-seo-wordpress\/ -->\n<title>Curriculum Vitae Dr. Ca\u00f1ete | Pediatra365<\/title>\n<meta name=\"description\" content=\"Conoce al Mejor Pediatra de Espa\u00f1a. Formado en el Hospital La Paz de Madrid, en Children&#039;s Hospital de Boston Universidad de Harvard.\" \/>\n<meta name=\"robots\" content=\"index, follow, max-snippet:-1, max-image-preview:large, max-video-preview:-1\" \/>\n<link rel=\"canonical\" href=\"https:\/\/pediatra365.com\/en\/cv\/\" \/>\n<meta property=\"og:locale\" content=\"en_US\" \/>\n<meta property=\"og:type\" content=\"article\" \/>\n<meta property=\"og:title\" content=\"Curriculum Vitae Dr. Ca\u00f1ete | Pediatra365\" \/>\n<meta property=\"og:description\" content=\"Conoce al Mejor Pediatra de Espa\u00f1a. Formado en el Hospital La Paz de Madrid, en Children&#039;s Hospital de Boston Universidad de Harvard.\" \/>\n<meta property=\"og:url\" content=\"https:\/\/pediatra365.com\/en\/cv\/\" \/>\n<meta property=\"og:site_name\" content=\"Pediatra365\" \/>\n<meta property=\"article:modified_time\" content=\"2025-02-08T12:41:19+00:00\" \/>\n<meta property=\"og:image\" content=\"https:\/\/pediatra365.com\/wp-content\/uploads\/2023\/02\/prof_14889_20220707100958.png\" \/>\n<meta name=\"twitter:card\" content=\"summary_large_image\" \/>\n<meta name=\"twitter:label1\" content=\"Est. reading time\" \/>\n\t<meta name=\"twitter:data1\" content=\"3 minutes\" \/>\n<script type=\"application\/ld+json\" class=\"yoast-schema-graph\">{\"@context\":\"https:\\\/\\\/schema.org\",\"@graph\":[{\"@type\":\"WebPage\",\"@id\":\"https:\\\/\\\/pediatra365.com\\\/cv\\\/\",\"url\":\"https:\\\/\\\/pediatra365.com\\\/cv\\\/\",\"name\":\"Curriculum Vitae Dr. Ca\u00f1ete | Pediatra365\",\"isPartOf\":{\"@id\":\"https:\\\/\\\/pediatra365.com\\\/#website\"},\"primaryImageOfPage\":{\"@id\":\"https:\\\/\\\/pediatra365.com\\\/cv\\\/#primaryimage\"},\"image\":{\"@id\":\"https:\\\/\\\/pediatra365.com\\\/cv\\\/#primaryimage\"},\"thumbnailUrl\":\"https:\\\/\\\/pediatra365.com\\\/wp-content\\\/uploads\\\/2023\\\/02\\\/prof_14889_20220707100958.png\",\"datePublished\":\"2023-02-21T09:50:44+00:00\",\"dateModified\":\"2025-02-08T12:41:19+00:00\",\"description\":\"Conoce al Mejor Pediatra de Espa\u00f1a. Formado en el Hospital La Paz de Madrid, en Children's Hospital de Boston Universidad de Harvard.\",\"breadcrumb\":{\"@id\":\"https:\\\/\\\/pediatra365.com\\\/cv\\\/#breadcrumb\"},\"inLanguage\":\"en-US\",\"potentialAction\":[{\"@type\":\"ReadAction\",\"target\":[\"https:\\\/\\\/pediatra365.com\\\/cv\\\/\"]}]},{\"@type\":\"ImageObject\",\"inLanguage\":\"en-US\",\"@id\":\"https:\\\/\\\/pediatra365.com\\\/cv\\\/#primaryimage\",\"url\":\"https:\\\/\\\/pediatra365.com\\\/wp-content\\\/uploads\\\/2023\\\/02\\\/prof_14889_20220707100958.png\",\"contentUrl\":\"https:\\\/\\\/pediatra365.com\\\/wp-content\\\/uploads\\\/2023\\\/02\\\/prof_14889_20220707100958.png\"},{\"@type\":\"BreadcrumbList\",\"@id\":\"https:\\\/\\\/pediatra365.com\\\/cv\\\/#breadcrumb\",\"itemListElement\":[{\"@type\":\"ListItem\",\"position\":1,\"name\":\"Portada\",\"item\":\"https:\\\/\\\/pediatra365.com\\\/\"},{\"@type\":\"ListItem\",\"position\":2,\"name\":\"Curriculum Vitae\"}]},{\"@type\":\"WebSite\",\"@id\":\"https:\\\/\\\/pediatra365.com\\\/#website\",\"url\":\"https:\\\/\\\/pediatra365.com\\\/\",\"name\":\"Pediatra365\",\"description\":\"Servicio de pediatr\u00eda a domicilio en Madrid\",\"publisher\":{\"@id\":\"https:\\\/\\\/pediatra365.com\\\/#\\\/schema\\\/person\\\/95a0a44149e9026d0aa2d63c8179a94c\"},\"alternateName\":\"El mejor pediatra a domicilio en Madrid\",\"potentialAction\":[{\"@type\":\"SearchAction\",\"target\":{\"@type\":\"EntryPoint\",\"urlTemplate\":\"https:\\\/\\\/pediatra365.com\\\/?s={search_term_string}\"},\"query-input\":{\"@type\":\"PropertyValueSpecification\",\"valueRequired\":true,\"valueName\":\"search_term_string\"}}],\"inLanguage\":\"en-US\"},{\"@type\":[\"Person\",\"Organization\"],\"@id\":\"https:\\\/\\\/pediatra365.com\\\/#\\\/schema\\\/person\\\/95a0a44149e9026d0aa2d63c8179a94c\",\"name\":\"Alfonso Ca\u00f1ete\",\"image\":{\"@type\":\"ImageObject\",\"inLanguage\":\"en-US\",\"@id\":\"https:\\\/\\\/pediatra365.com\\\/wp-content\\\/uploads\\\/2023\\\/02\\\/WhatsApp-Image-2023-02-12-at-19.38.17.jpeg\",\"url\":\"https:\\\/\\\/pediatra365.com\\\/wp-content\\\/uploads\\\/2023\\\/02\\\/WhatsApp-Image-2023-02-12-at-19.38.17.jpeg\",\"contentUrl\":\"https:\\\/\\\/pediatra365.com\\\/wp-content\\\/uploads\\\/2023\\\/02\\\/WhatsApp-Image-2023-02-12-at-19.38.17.jpeg\",\"width\":1600,\"height\":297,\"caption\":\"Alfonso Ca\u00f1ete\"},\"logo\":{\"@id\":\"https:\\\/\\\/pediatra365.com\\\/wp-content\\\/uploads\\\/2023\\\/02\\\/WhatsApp-Image-2023-02-12-at-19.38.17.jpeg\"},\"sameAs\":[\"https:\\\/\\\/pediatra365.com\\\/\"]}]}<\/script>\n<!-- \/ Yoast SEO plugin. -->","yoast_head_json":{"title":"Curriculum Vitae Dr. Ca\u00f1ete | Pediatra365","description":"Conoce al Mejor Pediatra de Espa\u00f1a. Formado en el Hospital La Paz de Madrid, en Children's Hospital de Boston Universidad de Harvard.","robots":{"index":"index","follow":"follow","max-snippet":"max-snippet:-1","max-image-preview":"max-image-preview:large","max-video-preview":"max-video-preview:-1"},"canonical":"https:\/\/pediatra365.com\/en\/cv\/","og_locale":"en_US","og_type":"article","og_title":"Curriculum Vitae Dr. Ca\u00f1ete | Pediatra365","og_description":"Conoce al Mejor Pediatra de Espa\u00f1a. Formado en el Hospital La Paz de Madrid, en Children's Hospital de Boston Universidad de Harvard.","og_url":"https:\/\/pediatra365.com\/en\/cv\/","og_site_name":"Pediatra365","article_modified_time":"2025-02-08T12:41:19+00:00","og_image":[{"url":"https:\/\/pediatra365.com\/wp-content\/uploads\/2023\/02\/prof_14889_20220707100958.png","type":"","width":"","height":""}],"twitter_card":"summary_large_image","twitter_misc":{"Est. reading time":"3 minutes"},"schema":{"@context":"https:\/\/schema.org","@graph":[{"@type":"WebPage","@id":"https:\/\/pediatra365.com\/cv\/","url":"https:\/\/pediatra365.com\/cv\/","name":"Curriculum Vitae Dr. Ca\u00f1ete | Pediatra365","isPartOf":{"@id":"https:\/\/pediatra365.com\/#website"},"primaryImageOfPage":{"@id":"https:\/\/pediatra365.com\/cv\/#primaryimage"},"image":{"@id":"https:\/\/pediatra365.com\/cv\/#primaryimage"},"thumbnailUrl":"https:\/\/pediatra365.com\/wp-content\/uploads\/2023\/02\/prof_14889_20220707100958.png","datePublished":"2023-02-21T09:50:44+00:00","dateModified":"2025-02-08T12:41:19+00:00","description":"Conoce al Mejor Pediatra de Espa\u00f1a. Formado en el Hospital La Paz de Madrid, en Children's Hospital de Boston Universidad de Harvard.","breadcrumb":{"@id":"https:\/\/pediatra365.com\/cv\/#breadcrumb"},"inLanguage":"en-US","potentialAction":[{"@type":"ReadAction","target":["https:\/\/pediatra365.com\/cv\/"]}]},{"@type":"ImageObject","inLanguage":"en-US","@id":"https:\/\/pediatra365.com\/cv\/#primaryimage","url":"https:\/\/pediatra365.com\/wp-content\/uploads\/2023\/02\/prof_14889_20220707100958.png","contentUrl":"https:\/\/pediatra365.com\/wp-content\/uploads\/2023\/02\/prof_14889_20220707100958.png"},{"@type":"BreadcrumbList","@id":"https:\/\/pediatra365.com\/cv\/#breadcrumb","itemListElement":[{"@type":"ListItem","position":1,"name":"Portada","item":"https:\/\/pediatra365.com\/"},{"@type":"ListItem","position":2,"name":"Curriculum Vitae"}]},{"@type":"WebSite","@id":"https:\/\/pediatra365.com\/#website","url":"https:\/\/pediatra365.com\/","name":"Pediatra365","description":"Servicio de pediatr\u00eda a domicilio en Madrid","publisher":{"@id":"https:\/\/pediatra365.com\/#\/schema\/person\/95a0a44149e9026d0aa2d63c8179a94c"},"alternateName":"El mejor pediatra a domicilio en Madrid","potentialAction":[{"@type":"SearchAction","target":{"@type":"EntryPoint","urlTemplate":"https:\/\/pediatra365.com\/?s={search_term_string}"},"query-input":{"@type":"PropertyValueSpecification","valueRequired":true,"valueName":"search_term_string"}}],"inLanguage":"en-US"},{"@type":["Person","Organization"],"@id":"https:\/\/pediatra365.com\/#\/schema\/person\/95a0a44149e9026d0aa2d63c8179a94c","name":"Alfonso Ca\u00f1ete","image":{"@type":"ImageObject","inLanguage":"en-US","@id":"https:\/\/pediatra365.com\/wp-content\/uploads\/2023\/02\/WhatsApp-Image-2023-02-12-at-19.38.17.jpeg","url":"https:\/\/pediatra365.com\/wp-content\/uploads\/2023\/02\/WhatsApp-Image-2023-02-12-at-19.38.17.jpeg","contentUrl":"https:\/\/pediatra365.com\/wp-content\/uploads\/2023\/02\/WhatsApp-Image-2023-02-12-at-19.38.17.jpeg","width":1600,"height":297,"caption":"Alfonso Ca\u00f1ete"},"logo":{"@id":"https:\/\/pediatra365.com\/wp-content\/uploads\/2023\/02\/WhatsApp-Image-2023-02-12-at-19.38.17.jpeg"},"sameAs":["https:\/\/pediatra365.com\/"]}]}},"_links":{"self":[{"href":"https:\/\/pediatra365.com\/en\/wp-json\/wp\/v2\/pages\/365","targetHints":{"allow":["GET"]}}],"collection":[{"href":"https:\/\/pediatra365.com\/en\/wp-json\/wp\/v2\/pages"}],"about":[{"href":"https:\/\/pediatra365.com\/en\/wp-json\/wp\/v2\/types\/page"}],"author":[{"embeddable":true,"href":"https:\/\/pediatra365.com\/en\/wp-json\/wp\/v2\/users\/1"}],"replies":[{"embeddable":true,"href":"https:\/\/pediatra365.com\/en\/wp-json\/wp\/v2\/comments?post=365"}],"version-history":[{"count":23,"href":"https:\/\/pediatra365.com\/en\/wp-json\/wp\/v2\/pages\/365\/revisions"}],"predecessor-version":[{"id":567,"href":"https:\/\/pediatra365.com\/en\/wp-json\/wp\/v2\/pages\/365\/revisions\/567"}],"wp:attachment":[{"href":"https:\/\/pediatra365.com\/en\/wp-json\/wp\/v2\/media?parent=365"}],"curies":[{"name":"wp","href":"https:\/\/api.w.org\/{rel}","templated":true}]}}